{"id":61690,"date":"2019-01-15T15:31:17","date_gmt":"2019-01-15T15:31:17","guid":{"rendered":"http:\/\/bkp-berolina.de\/unternehmen\/"},"modified":"2021-03-25T09:50:59","modified_gmt":"2021-03-25T09:50:59","slug":"quienes-somos","status":"publish","type":"page","link":"https:\/\/bkp-berolina.de\/es\/quienes-somos\/","title":{"rendered":"Qui\u00e9nes somos"},"content":{"rendered":"<div class=\"wpb-content-wrapper\"><p>[vc_row equal_height=\u00bbyes\u00bb content_placement=\u00bbmiddle\u00bb bg_type=\u00bbimage\u00bb parallax_style=\u00bbvcpb-vz-jquery\u00bb bg_image_new=\u00bbid^56948|url^http:\/\/bkp-berolina.de\/wp-content\/uploads\/2019\/02\/Standort-Velten.jpg|caption^null|alt^null|title^Standort Velten|description^null\u00bb bg_image_repeat=\u00bbno-repeat\u00bb bg_override=\u00bbex-full\u00bb enable_overlay=\u00bbenable_overlay_value\u00bb overlay_color=\u00bbrgba(7,59,76,0.9)\u00bb overlay_pattern=\u00bbtransperant\u00bb css=\u00bb.vc_custom_1553174220400{margin-top: 50px !important;padding-top: 80px !important;padding-bottom: 80px !important;}\u00bb][vc_column]<div id=\"ultimate-heading-944369f06fa659192\" class=\"uvc-heading ult-adjust-bottom-margin ultimate-heading-944369f06fa659192 uvc-6098 \" data-hspacer=\"line_with_icon\" data-hline_width=\"120\" data-hicon_type=\"custom\" data-hborder_style=\"solid\" data-hborder_height=\"3\" data-hborder_color=\"#0099a1\" data-icon_width=\"30\" data-hfixer=\"10\"  data-halign=\"center\" style=\"text-align:center\"><div class=\"uvc-main-heading ult-responsive\"  data-ultimate-target='.uvc-heading.ultimate-heading-944369f06fa659192 h1'  data-responsive-json-new='{\"font-size\":\"desktop:54px;mobile_landscape:34px;\",\"line-height\":\"desktop:64px;mobile_landscape:44px;\"}' ><h1 style=\"font-weight:bold;color:#ffffff;\">Qui\u00e9nes somos<\/h1><\/div><div class=\"uvc-heading-spacer line_with_icon\" style=\"margin-bottom:30px;\"><div class=\"ult-just-icon-wrapper  \"><div class=\"align-icon\" style=\"text-align:center;\">\n<div class=\"aio-icon-img \" style=\"font-size:30px;display:inline-block;\" >\n\t<img decoding=\"async\" class=\"img-icon\" alt=\"null\" src=\"https:\/\/bkp-berolina.de\/wp-content\/uploads\/2019\/01\/Logo-Liner.png\"\/>\n<\/div><\/div><\/div><\/div><\/div>[vc_row_inner equal_height=\u00bbyes\u00bb gap=\u00bb20&#8243; css=\u00bb.vc_custom_1551267086394{padding-right: 25px !important;padding-left: 25px !important;}\u00bb][vc_column_inner width=\u00bb1\/3&#8243; css=\u00bb.vc_custom_1546956970677{border-top-width: 3px !important;border-right-width: 3px !important;border-bottom-width: 3px !important;border-left-width: 3px !important;padding-top: 30px !important;padding-right: 30px !important;padding-bottom: 30px !important;padding-left: 30px !important;border-left-color: #0099a1 !important;border-left-style: solid !important;border-right-color: #0099a1 !important;border-right-style: solid !important;border-top-color: #0099a1 !important;border-top-style: solid !important;border-bottom-color: #0099a1 !important;border-bottom-style: solid !important;}\u00bb][vc_single_image image=\u00bb62369&#8243; alignment=\u00bbcenter\u00bb style=\u00bbvc_box_shadow_border_circle_2&#8243; onclick=\u00bbcustom_link\u00bb css_animation=\u00bbfadeInDown\u00bb link=\u00bbhttps:\/\/bkp-berolina.de\/es\/contacto\/persona-de-contacto\/\u00bb]<div class=\"aio-icon-component  vc_custom_1578397765180  accent-icon-color accent-border-color style_1\"><div id=\"Info-box-wrap-1573\" class=\"aio-icon-box top-icon\" style=\"\"  ><div class=\"aio-icon-header\" ><a class=\"aio-icon-box-link\" href=\"https:\/\/bkp-berolina.de\/es\/contacto\/persona-de-contacto\/\" title=\"Stellenangebote\" ><h3 class=\"aio-icon-title ult-responsive\"  data-ultimate-target='#Info-box-wrap-1573 .aio-icon-title'  data-responsive-json-new='{\"font-size\":\"desktop:26px;tablet:20px;mobile:22px;\",\"line-height\":\"desktop:36px;tablet:30px;mobile:32px;\"}'  style=\"font-weight:bold;color:#ffffff;\">Persona de contacto<\/h3><\/a><\/div> <!-- header --><div class=\"aio-icon-description ult-responsive\"  data-ultimate-target='#Info-box-wrap-1573 .aio-icon-description'  data-responsive-json-new='{\"font-size\":\"\",\"line-height\":\"\"}'  style=\"color:#ffffff;\">Aqu\u00ed encontrar\u00e1 a la persona de contacto adecuada en BKP para ayudarlo individualmente.<\/p>\n<p><a href=\"https:\/\/bkp-berolina.de\/es\/contacto\/persona-de-contacto\/\">M\u00e1s informaci\u00f3n<\/a><\/div> <!-- description --><\/div> <!-- aio-icon-box --><\/div> <!-- aio-icon-component --><div class=\"hr-thin style-line accent-border-color\" style=\"width: 60px;border-top-width: 3px;\"><\/div>[\/vc_column_inner][vc_column_inner width=\u00bb1\/3&#8243; css=\u00bb.vc_custom_1547197918297{padding-top: 30px !important;padding-right: 30px !important;padding-bottom: 30px !important;padding-left: 30px !important;background-color: #ffffff !important;}\u00bb][vc_single_image image=\u00bb59988&#8243; alignment=\u00bbcenter\u00bb style=\u00bbvc_box_shadow_border_circle_2&#8243; onclick=\u00bbcustom_link\u00bb css_animation=\u00bbfadeInDown\u00bb link=\u00bbhttps:\/\/bkp-berolina.de\/es\/quienes-somos\/servicio-y-asesoramiento\/\u00bb]<div class=\"aio-icon-component  vc_custom_1578397807681  accent-icon-color accent-border-color style_1\"><div id=\"Info-box-wrap-4709\" class=\"aio-icon-box top-icon\" style=\"\"  ><div class=\"aio-icon-header\" ><a class=\"aio-icon-box-link\" href=\"https:\/\/bkp-berolina.de\/es\/quienes-somos\/servicio-y-asesoramiento\/\" title=\"Eigent\u00fcmerstruktur\" ><h3 class=\"aio-icon-title ult-responsive\"  data-ultimate-target='#Info-box-wrap-4709 .aio-icon-title'  data-responsive-json-new='{\"font-size\":\"desktop:26px;tablet:20px;\",\"line-height\":\"desktop:36px;tablet:30px;\"}'  style=\"font-weight:bold;\">SERVICIO y Asesoramiento<\/h3><\/a><\/div> <!-- header --><div class=\"aio-icon-description ult-responsive\"  data-ultimate-target='#Info-box-wrap-4709 .aio-icon-description'  data-responsive-json-new='{\"font-size\":\"\",\"line-height\":\"\"}'  style=\"\">Nos complace asesorarlo sobre nuestros productos y ayudarlo a planificar sus proyectos.<br \/>\n<a href=\"https:\/\/bkp-berolina.de\/es\/quienes-somos\/servicio-y-asesoramiento\/\">M\u00e1s informaci\u00f3n<\/a><\/div> <!-- description --><\/div> <!-- aio-icon-box --><\/div> <!-- aio-icon-component --><div class=\"hr-thin style-line accent-border-color\" style=\"width: 60px;border-top-width: 3px;\"><\/div>[\/vc_column_inner][vc_column_inner width=\u00bb1\/3&#8243; css=\u00bb.vc_custom_1546960030766{border-top-width: 3px !important;border-right-width: 3px !important;border-bottom-width: 3px !important;border-left-width: 3px !important;padding-top: 30px !important;padding-right: 30px !important;padding-bottom: 30px !important;padding-left: 30px !important;border-left-color: #0099a1 !important;border-left-style: solid !important;border-right-color: #0099a1 !important;border-right-style: solid !important;border-top-color: #0099a1 !important;border-top-style: solid !important;border-bottom-color: #0099a1 !important;border-bottom-style: solid !important;}\u00bb][vc_single_image image=\u00bb57799&#8243; alignment=\u00bbcenter\u00bb style=\u00bbvc_box_shadow_border_circle_2&#8243; onclick=\u00bbcustom_link\u00bb css_animation=\u00bbfadeInDown\u00bb link=\u00bbhttps:\/\/bkp-berolina.de\/es\/quienes-somos\/historia\/\u00bb]<div class=\"aio-icon-component  vc_custom_1578397840259  accent-icon-color accent-border-color style_1\"><div id=\"Info-box-wrap-3163\" class=\"aio-icon-box top-icon\" style=\"\"  ><div class=\"aio-icon-header\" ><a class=\"aio-icon-box-link\" href=\"https:\/\/bkp-berolina.de\/es\/quienes-somos\/historia\/\" title=\"Geschichte\" ><h3 class=\"aio-icon-title ult-responsive\"  data-ultimate-target='#Info-box-wrap-3163 .aio-icon-title'  data-responsive-json-new='{\"font-size\":\"desktop:26px;tablet:20px;\",\"line-height\":\"desktop:36px;tablet:30px;\"}'  style=\"font-weight:bold;color:#ffffff;\">Historia<\/h3><\/a><\/div> <!-- header --><div class=\"aio-icon-description ult-responsive\"  data-ultimate-target='#Info-box-wrap-3163 .aio-icon-description'  data-responsive-json-new='{\"font-size\":\"\",\"line-height\":\"\"}'  style=\"color:#ffffff;\">El recorrido de m\u00e1s de 60 a\u00f1os desde la planta de procesamiento de pl\u00e1sticos de Staaken hasta la empresa internacional BKP Berolina Polyester GmbH &amp; Co. KG.<\/p>\n<p><a href=\"https:\/\/bkp-berolina.de\/es\/quienes-somos\/historia\/\">M\u00e1s informaci\u00f3n<\/a><\/div> <!-- description --><\/div> <!-- aio-icon-box --><\/div> <!-- aio-icon-component --><div class=\"hr-thin style-line accent-border-color\" style=\"width: 60px;border-top-width: 3px;\"><\/div>[\/vc_column_inner][vc_column_inner width=\u00bb1\/3&#8243; css=\u00bb.vc_custom_1547203758182{margin-right: 3px !important;border-top-width: 3px !important;border-bottom-width: 3px !important;border-left-width: 3px !important;padding-top: 30px !important;padding-right: 30px !important;padding-bottom: 30px !important;padding-left: 30px !important;background-color: #ffffff !important;border-left-color: #ffffff !important;border-left-style: solid !important;border-top-color: #ffffff !important;border-top-style: solid !important;border-bottom-color: #ffffff !important;border-bottom-style: solid !important;}\u00bb][vc_single_image image=\u00bb57805&#8243; alignment=\u00bbcenter\u00bb style=\u00bbvc_box_shadow_border_circle_2&#8243; onclick=\u00bbcustom_link\u00bb css_animation=\u00bbfadeInDown\u00bb link=\u00bbhttps:\/\/bkp-berolina.de\/es\/quienes-somos\/ofertas-de-empleo\/\u00bb]<div class=\"aio-icon-component  vc_custom_1578397881117  accent-icon-color accent-border-color style_1\"><div id=\"Info-box-wrap-4645\" class=\"aio-icon-box top-icon\" style=\"\"  ><div class=\"aio-icon-header\" ><a class=\"aio-icon-box-link\" href=\"https:\/\/bkp-berolina.de\/es\/quienes-somos\/ofertas-de-empleo\/\" title=\"News\" ><h3 class=\"aio-icon-title ult-responsive\"  data-ultimate-target='#Info-box-wrap-4645 .aio-icon-title'  data-responsive-json-new='{\"font-size\":\"desktop:26px;tablet:20px;mobile:22px;\",\"line-height\":\"desktop:36px;tablet:30px;mobile:32px;\"}'  style=\"font-weight:bold;\">Ofertas de empleo<\/h3><\/a><\/div> <!-- header --><div class=\"aio-icon-description ult-responsive\"  data-ultimate-target='#Info-box-wrap-4645 .aio-icon-description'  data-responsive-json-new='{\"font-size\":\"\",\"line-height\":\"\"}'  style=\"\">Diferentes opciones de carrera y grandes oportunidades \u2013 presente su solicitud para una de nuestras vacantes.<\/p>\n<p><a href=\"https:\/\/bkp-berolina.de\/es\/quienes-somos\/ofertas-de-empleo\/\">M\u00e1s informaci\u00f3n<\/a><\/div> <!-- description --><\/div> <!-- aio-icon-box --><\/div> <!-- aio-icon-component --><div class=\"hr-thin style-line accent-border-color\" style=\"width: 60px;border-top-width: 3px;\"><\/div>[\/vc_column_inner][vc_column_inner width=\u00bb1\/3&#8243; css=\u00bb.vc_custom_1552548265733{border-top-width: 3px !important;border-right-width: 3px !important;border-bottom-width: 3px !important;border-left-width: 3px !important;padding-top: 30px !important;padding-right: 30px !important;padding-bottom: 30px !important;padding-left: 30px !important;border-left-color: #0099a1 !important;border-left-style: solid !important;border-right-color: #0099a1 !important;border-right-style: solid !important;border-top-color: #0099a1 !important;border-top-style: solid !important;border-bottom-color: #0099a1 !important;border-bottom-style: solid !important;}\u00bb][vc_single_image image=\u00bb59493&#8243; alignment=\u00bbcenter\u00bb style=\u00bbvc_box_shadow_border_circle_2&#8243; onclick=\u00bbcustom_link\u00bb css_animation=\u00bbfadeInDown\u00bb link=\u00bbhttps:\/\/bkp-berolina.de\/es\/quienes-somos\/calendario-de-ferias-comerciales\/\u00bb]<div class=\"aio-icon-component  vc_custom_1578397950017  accent-icon-color accent-border-color style_1\"><div id=\"Info-box-wrap-2121\" class=\"aio-icon-box top-icon\" style=\"\"  ><div class=\"aio-icon-header\" ><a class=\"aio-icon-box-link\" href=\"https:\/\/bkp-berolina.de\/es\/quienes-somos\/calendario-de-ferias-comerciales\/\" title=\"Geschichte\" ><h3 class=\"aio-icon-title ult-responsive\"  data-ultimate-target='#Info-box-wrap-2121 .aio-icon-title'  data-responsive-json-new='{\"font-size\":\"desktop:26px;tablet:20px;\",\"line-height\":\"desktop:36px;tablet:30px;\"}'  style=\"font-weight:bold;color:#ffffff;\">Calendario de ferias comerciales<\/h3><\/a><\/div> <!-- header --><div class=\"aio-icon-description ult-responsive\"  data-ultimate-target='#Info-box-wrap-2121 .aio-icon-description'  data-responsive-json-new='{\"font-size\":\"\",\"line-height\":\"\"}'  style=\"color:#ffffff;\">Exhibimos en todo el mundo en ferias y eventos. Aqu\u00ed puede averiguar d\u00f3nde pronto estaremos cerca de usted.<\/p>\n<p><a href=\"https:\/\/bkp-berolina.de\/es\/quienes-somos\/calendario-de-ferias-comerciales\/\">M\u00e1s informaci\u00f3n<\/a><\/div> <!-- description --><\/div> <!-- aio-icon-box --><\/div> <!-- aio-icon-component --><div class=\"hr-thin style-line accent-border-color\" style=\"width: 60px;border-top-width: 3px;\"><\/div>[\/vc_column_inner][vc_column_inner width=\u00bb1\/3&#8243; css=\u00bb.vc_custom_1552548163371{padding-top: 30px !important;padding-right: 30px !important;padding-bottom: 30px !important;padding-left: 30px !important;background-color: #ffffff !important;}\u00bb][vc_single_image image=\u00bb58523&#8243; alignment=\u00bbcenter\u00bb style=\u00bbvc_box_shadow_border_circle_2&#8243; onclick=\u00bbcustom_link\u00bb css_animation=\u00bbfadeInDown\u00bb link=\u00bbhttps:\/\/bkp-berolina.de\/es\/quienes-somos\/noticias\/\u00bb]<div class=\"aio-icon-component  vc_custom_1578401443857  accent-icon-color accent-border-color style_1\"><div id=\"Info-box-wrap-5145\" class=\"aio-icon-box top-icon\" style=\"\"  ><div class=\"aio-icon-header\" ><a class=\"aio-icon-box-link\" href=\"https:\/\/bkp-berolina.de\/es\/quienes-somos\/noticias\/\" title=\"News\" ><h3 class=\"aio-icon-title ult-responsive\"  data-ultimate-target='#Info-box-wrap-5145 .aio-icon-title'  data-responsive-json-new='{\"font-size\":\"desktop:26px;tablet:20px;\",\"line-height\":\"desktop:36px;tablet:30px;\"}'  style=\"font-weight:bold;\">Noticias<\/h3><\/a><\/div> <!-- header --><div class=\"aio-icon-description ult-responsive\"  data-ultimate-target='#Info-box-wrap-5145 .aio-icon-description'  data-responsive-json-new='{\"font-size\":\"\",\"line-height\":\"\"}'  style=\"\">Aqu\u00ed encontrar\u00e1 publicaciones actuales de BKP Berolina, tales como informes sobre sitios de construcci\u00f3n y proyectos, y mucho m\u00e1s.<\/p>\n<p><a href=\"http:\/\/bkp-berolina.de\/es\/quienes-somos\/noticias\/\">M\u00e1s informaci\u00f3n<\/a><\/div> <!-- description --><\/div> <!-- aio-icon-box --><\/div> <!-- aio-icon-component --><div class=\"hr-thin style-line accent-border-color\" style=\"width: 60px;border-top-width: 3px;\"><\/div>[\/vc_column_inner][\/vc_row_inner][vc_row_inner css=\u00bb.vc_custom_1553169026873{margin-top: 50px !important;margin-bottom: 80px !important;}\u00bb][vc_column_inner]<style type=\"text\/css\" data-type=\"the7_shortcodes-inline-css\">.dt-breadcrumbs-id-9e50ce2e88f1e70b8d61b22febb42939 .breadcrumbs {\n  display: inline-block;\n  margin: 0;\n  padding: 2px 10px 2px 10px;\n  background: #0099a1;\n  border: 0px solid ;\n  border-radius: 0px;\n}\n.dt-breadcrumbs-id-9e50ce2e88f1e70b8d61b22febb42939 .breadcrumbs * {\n  font-weight: bold;\n  color: #ffffff;\n}<\/style><div class=\"dt-breadcrumbs-shortcode dt-breadcrumbs-id-9e50ce2e88f1e70b8d61b22febb42939 align-right\"><div class=\"assistive-text\">Est\u00e1s aqu\u00ed:<\/div><ol class=\"breadcrumbs text-small\" itemscope itemtype=\"https:\/\/schema.org\/BreadcrumbList\"><li itemprop=\"itemListElement\" itemscope itemtype=\"https:\/\/schema.org\/ListItem\"><a itemprop=\"item\" href=\"https:\/\/bkp-berolina.de\/es\/\" title=\"Inicio\"><span itemprop=\"name\">Inicio<\/span><\/a><meta itemprop=\"position\" content=\"1\" \/><\/li><li class=\"current\" itemprop=\"itemListElement\" itemscope itemtype=\"https:\/\/schema.org\/ListItem\"><span itemprop=\"name\">P\u00e1gina<\/span><meta itemprop=\"position\" content=\"2\" \/><\/li><\/ol><\/div>[\/vc_column_inner][\/vc_row_inner][\/vc_column][\/vc_row][vc_row][vc_column offset=\u00bbvc_hidden-lg vc_hidden-md vc_hidden-sm vc_hidden-xs\u00bb][vc_column_text]Die BKP Berolina Polyester GmbH &amp; Co. KG ist ein Unternehmen mit einer mittlerweile \u00fcber 60-j\u00e4hrigen Geschichte. Auf dieser Seite erhalten Sie einen \u00dcberblick \u00fcber wichtige Teilbereiche der BKP, wie den Anf\u00e4ngen des Plastverarbeitungswerkes bis hin zum heutigen weltweit operierenden Unternehmen. Neben den Ansprechpartnern, der Beratung und der Eigent\u00fcmerstruktur k\u00f6nnen Sie sich von hier aus auch auf die aktuellen Stellenangebote der BKP Berolina navigieren. Anstehende Veranstaltungen k\u00f6nnen Sie dem Messekalender entnehmen, aktuelle Artikel und Ank\u00fcndigungen finden Sie in unserem Newsbereich.[\/vc_column_text][\/vc_column][\/vc_row]<\/p>\n<\/div>","protected":false},"excerpt":{"rendered":"<p>[vc_row equal_height=\u00bbyes\u00bb content_placement=\u00bbmiddle\u00bb bg_type=\u00bbimage\u00bb parallax_style=\u00bbvcpb-vz-jquery\u00bb bg_image_new=\u00bbid^56948|url^http:\/\/bkp-berolina.de\/wp-content\/uploads\/2019\/02\/Standort-Velten.jpg|caption^null|alt^null|title^Standort Velten|description^null\u00bb bg_image_repeat=\u00bbno-repeat\u00bb bg_override=\u00bbex-full\u00bb enable_overlay=\u00bbenable_overlay_value\u00bb overlay_color=\u00bbrgba(7,59,76,0.9)\u00bb overlay_pattern=\u00bbtransperant\u00bb css=\u00bb.vc_custom_1553174220400{margin-top: 50px !important;padding-top: 80px !important;padding-bottom: 80px !important;}\u00bb][vc_column][vc_row_inner equal_height=\u00bbyes\u00bb gap=\u00bb20&#8243; css=\u00bb.vc_custom_1551267086394{padding-right: 25px !important;padding-left: 25px !important;}\u00bb][vc_column_inner width=\u00bb1\/3&#8243; css=\u00bb.vc_custom_1546956970677{border-top-width: 3px !important;border-right-width: 3px !important;border-bottom-width: 3px !important;border-left-width: 3px !important;padding-top: 30px !important;padding-right: 30px !important;padding-bottom: 30px !important;padding-left: 30px !important;border-left-color: #0099a1 !important;border-left-style: solid !important;border-right-color: #0099a1 !important;border-right-style: solid !important;border-top-color: #0099a1 !important;border-top-style: solid&hellip;<\/p>\n","protected":false},"author":1,"featured_media":61056,"parent":0,"menu_order":70,"comment_status":"closed","ping_status":"closed","template":"","meta":{"footnotes":""},"class_list":["post-61690","page","type-page","status-publish","has-post-thumbnail","hentry","description-off"],"yoast_head":"<!-- This site is optimized with the Yoast SEO plugin v27.4 - https:\/\/yoast.com\/product\/yoast-seo-wordpress\/ -->\n<title>Qui\u00e9nes somos - BKP Berolina Polyester GmbH &amp; Co. KG<\/title>\n<meta name=\"robots\" content=\"index, follow, max-snippet:-1, max-image-preview:large, max-video-preview:-1\" \/>\n<link rel=\"canonical\" href=\"https:\/\/bkp-berolina.de\/es\/quienes-somos\/\" \/>\n<meta property=\"og:locale\" content=\"es_ES\" \/>\n<meta property=\"og:type\" content=\"article\" \/>\n<meta property=\"og:title\" content=\"Qui\u00e9nes somos - BKP Berolina Polyester GmbH &amp; Co. KG\" \/>\n<meta property=\"og:description\" content=\"[vc_row equal_height=\u00bbyes\u00bb content_placement=\u00bbmiddle\u00bb bg_type=\u00bbimage\u00bb parallax_style=\u00bbvcpb-vz-jquery\u00bb bg_image_new=\u00bbid^56948|url^http:\/\/bkp-berolina.de\/wp-content\/uploads\/2019\/02\/Standort-Velten.jpg|caption^null|alt^null|title^Standort Velten|description^null\u00bb bg_image_repeat=\u00bbno-repeat\u00bb bg_override=\u00bbex-full\u00bb enable_overlay=\u00bbenable_overlay_value\u00bb overlay_color=\u00bbrgba(7,59,76,0.9)\u00bb overlay_pattern=\u00bbtransperant\u00bb css=\u00bb.vc_custom_1553174220400{margin-top: 50px !important;padding-top: 80px !important;padding-bottom: 80px !important;}\u00bb][vc_column][vc_row_inner equal_height=\u00bbyes\u00bb gap=\u00bb20&#8243; css=\u00bb.vc_custom_1551267086394{padding-right: 25px !important;padding-left: 25px !important;}\u00bb][vc_column_inner width=\u00bb1\/3&#8243; css=\u00bb.vc_custom_1546956970677{border-top-width: 3px !important;border-right-width: 3px !important;border-bottom-width: 3px !important;border-left-width: 3px !important;padding-top: 30px !important;padding-right: 30px !important;padding-bottom: 30px !important;padding-left: 30px !important;border-left-color: #0099a1 !important;border-left-style: solid !important;border-right-color: #0099a1 !important;border-right-style: solid !important;border-top-color: #0099a1 !important;border-top-style: solid&hellip;\" \/>\n<meta property=\"og:url\" content=\"https:\/\/bkp-berolina.de\/es\/quienes-somos\/\" \/>\n<meta property=\"og:site_name\" content=\"BKP Berolina Polyester GmbH &amp; Co. KG\" \/>\n<meta property=\"article:modified_time\" content=\"2021-03-25T09:50:59+00:00\" \/>\n<meta property=\"og:image\" content=\"https:\/\/bkp-berolina.de\/wp-content\/uploads\/2019\/07\/Velten-location.jpg\" \/>\n\t<meta property=\"og:image:width\" content=\"1200\" \/>\n\t<meta property=\"og:image:height\" content=\"900\" \/>\n\t<meta property=\"og:image:type\" content=\"image\/jpeg\" \/>\n<meta name=\"twitter:card\" content=\"summary_large_image\" \/>\n<meta name=\"twitter:label1\" content=\"Tiempo de lectura\" \/>\n\t<meta name=\"twitter:data1\" content=\"7 minutos\" \/>\n<script type=\"application\/ld+json\" class=\"yoast-schema-graph\">{\"@context\":\"https:\\\/\\\/schema.org\",\"@graph\":[{\"@type\":\"WebPage\",\"@id\":\"https:\\\/\\\/bkp-berolina.de\\\/es\\\/quienes-somos\\\/\",\"url\":\"https:\\\/\\\/bkp-berolina.de\\\/es\\\/quienes-somos\\\/\",\"name\":\"Qui\u00e9nes somos - BKP Berolina Polyester GmbH &amp; Co. KG\",\"isPartOf\":{\"@id\":\"https:\\\/\\\/bkp-berolina.de\\\/es\\\/#website\"},\"primaryImageOfPage\":{\"@id\":\"https:\\\/\\\/bkp-berolina.de\\\/es\\\/quienes-somos\\\/#primaryimage\"},\"image\":{\"@id\":\"https:\\\/\\\/bkp-berolina.de\\\/es\\\/quienes-somos\\\/#primaryimage\"},\"thumbnailUrl\":\"https:\\\/\\\/bkp-berolina.de\\\/wp-content\\\/uploads\\\/2019\\\/07\\\/Velten-location.jpg\",\"datePublished\":\"2019-01-15T15:31:17+00:00\",\"dateModified\":\"2021-03-25T09:50:59+00:00\",\"breadcrumb\":{\"@id\":\"https:\\\/\\\/bkp-berolina.de\\\/es\\\/quienes-somos\\\/#breadcrumb\"},\"inLanguage\":\"es\",\"potentialAction\":[{\"@type\":\"ReadAction\",\"target\":[\"https:\\\/\\\/bkp-berolina.de\\\/es\\\/quienes-somos\\\/\"]}]},{\"@type\":\"ImageObject\",\"inLanguage\":\"es\",\"@id\":\"https:\\\/\\\/bkp-berolina.de\\\/es\\\/quienes-somos\\\/#primaryimage\",\"url\":\"https:\\\/\\\/bkp-berolina.de\\\/wp-content\\\/uploads\\\/2019\\\/07\\\/Velten-location.jpg\",\"contentUrl\":\"https:\\\/\\\/bkp-berolina.de\\\/wp-content\\\/uploads\\\/2019\\\/07\\\/Velten-location.jpg\",\"width\":1200,\"height\":900,\"caption\":\"Velten location\"},{\"@type\":\"BreadcrumbList\",\"@id\":\"https:\\\/\\\/bkp-berolina.de\\\/es\\\/quienes-somos\\\/#breadcrumb\",\"itemListElement\":[{\"@type\":\"ListItem\",\"position\":1,\"name\":\"Startseite\",\"item\":\"https:\\\/\\\/bkp-berolina.de\\\/es\\\/\"},{\"@type\":\"ListItem\",\"position\":2,\"name\":\"Qui\u00e9nes somos\"}]},{\"@type\":\"WebSite\",\"@id\":\"https:\\\/\\\/bkp-berolina.de\\\/es\\\/#website\",\"url\":\"https:\\\/\\\/bkp-berolina.de\\\/es\\\/\",\"name\":\"BKP Berolina Polyester GmbH &amp; Co. KG\",\"description\":\"\",\"potentialAction\":[{\"@type\":\"SearchAction\",\"target\":{\"@type\":\"EntryPoint\",\"urlTemplate\":\"https:\\\/\\\/bkp-berolina.de\\\/es\\\/?s={search_term_string}\"},\"query-input\":{\"@type\":\"PropertyValueSpecification\",\"valueRequired\":true,\"valueName\":\"search_term_string\"}}],\"inLanguage\":\"es\"}]}<\/script>\n<!-- \/ Yoast SEO plugin. -->","yoast_head_json":{"title":"Qui\u00e9nes somos - BKP Berolina Polyester GmbH &amp; Co. KG","robots":{"index":"index","follow":"follow","max-snippet":"max-snippet:-1","max-image-preview":"max-image-preview:large","max-video-preview":"max-video-preview:-1"},"canonical":"https:\/\/bkp-berolina.de\/es\/quienes-somos\/","og_locale":"es_ES","og_type":"article","og_title":"Qui\u00e9nes somos - BKP Berolina Polyester GmbH &amp; Co. KG","og_description":"[vc_row equal_height=\u00bbyes\u00bb content_placement=\u00bbmiddle\u00bb bg_type=\u00bbimage\u00bb parallax_style=\u00bbvcpb-vz-jquery\u00bb bg_image_new=\u00bbid^56948|url^http:\/\/bkp-berolina.de\/wp-content\/uploads\/2019\/02\/Standort-Velten.jpg|caption^null|alt^null|title^Standort Velten|description^null\u00bb bg_image_repeat=\u00bbno-repeat\u00bb bg_override=\u00bbex-full\u00bb enable_overlay=\u00bbenable_overlay_value\u00bb overlay_color=\u00bbrgba(7,59,76,0.9)\u00bb overlay_pattern=\u00bbtransperant\u00bb css=\u00bb.vc_custom_1553174220400{margin-top: 50px !important;padding-top: 80px !important;padding-bottom: 80px !important;}\u00bb][vc_column][vc_row_inner equal_height=\u00bbyes\u00bb gap=\u00bb20&#8243; css=\u00bb.vc_custom_1551267086394{padding-right: 25px !important;padding-left: 25px !important;}\u00bb][vc_column_inner width=\u00bb1\/3&#8243; css=\u00bb.vc_custom_1546956970677{border-top-width: 3px !important;border-right-width: 3px !important;border-bottom-width: 3px !important;border-left-width: 3px !important;padding-top: 30px !important;padding-right: 30px !important;padding-bottom: 30px !important;padding-left: 30px !important;border-left-color: #0099a1 !important;border-left-style: solid !important;border-right-color: #0099a1 !important;border-right-style: solid !important;border-top-color: #0099a1 !important;border-top-style: solid&hellip;","og_url":"https:\/\/bkp-berolina.de\/es\/quienes-somos\/","og_site_name":"BKP Berolina Polyester GmbH &amp; Co. KG","article_modified_time":"2021-03-25T09:50:59+00:00","og_image":[{"width":1200,"height":900,"url":"https:\/\/bkp-berolina.de\/wp-content\/uploads\/2019\/07\/Velten-location.jpg","type":"image\/jpeg"}],"twitter_card":"summary_large_image","twitter_misc":{"Tiempo de lectura":"7 minutos"},"schema":{"@context":"https:\/\/schema.org","@graph":[{"@type":"WebPage","@id":"https:\/\/bkp-berolina.de\/es\/quienes-somos\/","url":"https:\/\/bkp-berolina.de\/es\/quienes-somos\/","name":"Qui\u00e9nes somos - BKP Berolina Polyester GmbH &amp; Co. KG","isPartOf":{"@id":"https:\/\/bkp-berolina.de\/es\/#website"},"primaryImageOfPage":{"@id":"https:\/\/bkp-berolina.de\/es\/quienes-somos\/#primaryimage"},"image":{"@id":"https:\/\/bkp-berolina.de\/es\/quienes-somos\/#primaryimage"},"thumbnailUrl":"https:\/\/bkp-berolina.de\/wp-content\/uploads\/2019\/07\/Velten-location.jpg","datePublished":"2019-01-15T15:31:17+00:00","dateModified":"2021-03-25T09:50:59+00:00","breadcrumb":{"@id":"https:\/\/bkp-berolina.de\/es\/quienes-somos\/#breadcrumb"},"inLanguage":"es","potentialAction":[{"@type":"ReadAction","target":["https:\/\/bkp-berolina.de\/es\/quienes-somos\/"]}]},{"@type":"ImageObject","inLanguage":"es","@id":"https:\/\/bkp-berolina.de\/es\/quienes-somos\/#primaryimage","url":"https:\/\/bkp-berolina.de\/wp-content\/uploads\/2019\/07\/Velten-location.jpg","contentUrl":"https:\/\/bkp-berolina.de\/wp-content\/uploads\/2019\/07\/Velten-location.jpg","width":1200,"height":900,"caption":"Velten location"},{"@type":"BreadcrumbList","@id":"https:\/\/bkp-berolina.de\/es\/quienes-somos\/#breadcrumb","itemListElement":[{"@type":"ListItem","position":1,"name":"Startseite","item":"https:\/\/bkp-berolina.de\/es\/"},{"@type":"ListItem","position":2,"name":"Qui\u00e9nes somos"}]},{"@type":"WebSite","@id":"https:\/\/bkp-berolina.de\/es\/#website","url":"https:\/\/bkp-berolina.de\/es\/","name":"BKP Berolina Polyester GmbH &amp; Co. KG","description":"","potentialAction":[{"@type":"SearchAction","target":{"@type":"EntryPoint","urlTemplate":"https:\/\/bkp-berolina.de\/es\/?s={search_term_string}"},"query-input":{"@type":"PropertyValueSpecification","valueRequired":true,"valueName":"search_term_string"}}],"inLanguage":"es"}]}},"_links":{"self":[{"href":"https:\/\/bkp-berolina.de\/es\/wp-json\/wp\/v2\/pages\/61690","targetHints":{"allow":["GET"]}}],"collection":[{"href":"https:\/\/bkp-berolina.de\/es\/wp-json\/wp\/v2\/pages"}],"about":[{"href":"https:\/\/bkp-berolina.de\/es\/wp-json\/wp\/v2\/types\/page"}],"author":[{"embeddable":true,"href":"https:\/\/bkp-berolina.de\/es\/wp-json\/wp\/v2\/users\/1"}],"replies":[{"embeddable":true,"href":"https:\/\/bkp-berolina.de\/es\/wp-json\/wp\/v2\/comments?post=61690"}],"version-history":[{"count":7,"href":"https:\/\/bkp-berolina.de\/es\/wp-json\/wp\/v2\/pages\/61690\/revisions"}],"predecessor-version":[{"id":62791,"href":"https:\/\/bkp-berolina.de\/es\/wp-json\/wp\/v2\/pages\/61690\/revisions\/62791"}],"wp:featuredmedia":[{"embeddable":true,"href":"https:\/\/bkp-berolina.de\/es\/wp-json\/wp\/v2\/media\/61056"}],"wp:attachment":[{"href":"https:\/\/bkp-berolina.de\/es\/wp-json\/wp\/v2\/media?parent=61690"}],"curies":[{"name":"wp","href":"https:\/\/api.w.org\/{rel}","templated":true}]}}